{"id":7140,"date":"2023-07-17T12:11:56","date_gmt":"2023-07-17T10:11:56","guid":{"rendered":"https:\/\/vericatimplantologia.com\/aviso-legal\/"},"modified":"2024-03-21T15:36:07","modified_gmt":"2024-03-21T14:36:07","slug":"mention-legale","status":"publish","type":"page","link":"https:\/\/vericatimplantologia.com\/fr\/mention-legale\/","title":{"rendered":"Mention l\u00e9gale"},"content":{"rendered":"\n<p>Conform\u00e9ment aux dispositions de l\u2019article 10 de la loi espagnole 34\/2002, du 11 juillet, sur les services de la soci\u00e9t\u00e9 de l\u2019information et le commerce \u00e9lectronique (ci-apr\u00e8s, LSSI-CE), nous informons express\u00e9ment, pr\u00e9cis\u00e9ment et sans \u00e9quivoque les destinataires du service et les organismes comp\u00e9tents des aspects suivants relatifs \u00e0 la prestation de services de la soci\u00e9t\u00e9 de l\u2019information :<\/p>\n\n\n\n<p>RAISON SOCIALE :&nbsp;SERVICIOS IMPLANTES OSEOINTEGRADOS, S.L.<br>CIF : B12587903<br>DONN\u00c9ES D\u2019IMMATRICULATION AU REGISTRE DU COMMERCE ET DES SOCI\u00c9T\u00c9S : Immatricul\u00e9e au Registre du Commerce et des Soci\u00e9t\u00e9s de CASTELL\u00d3N, Volume 1128, Livre 692, Folio 53, Section 8, Page CS19463<br>ACTIVIT\u00c9 :&nbsp;Activit\u00e9s dentaires et formation.<br>ADRESSE :&nbsp;C\/ Luis Bolinches Compa\u00f1, 27. 46023 Valencia. Espagne.<br>T\u00c9L.&nbsp;:&nbsp;+34 963 39 16 84<br>EMAIL :&nbsp;info@vericatimplantologia.com<br>Site Web : https:\/\/vericatimplantologia.com\/<\/p>\n\n\n\n<p>ale, aux bonnes coutumes et \u00e0 l\u2019ordre public. De m\u00eame, l\u2019Utilisateur s\u2019engage \u00e0 ne pas utiliser le site Web, ses contenus ou les services fournis par son interm\u00e9diaire \u00e0 des fins ou effets illicites ou contraires au contenu de la pr\u00e9sente mention l\u00e9gale, pr\u00e9judiciables aux int\u00e9r\u00eats ou aux droits de tiers, ou susceptibles d\u2019endommager, de rendre inaccessible ou de d\u00e9t\u00e9riorer de quelque mani\u00e8re que ce soit le site Web, ses contenus ou ses services, ou d\u2019emp\u00eacher la jouissance normale de ces derniers par d\u2019autres Utilisateurs.<\/p>\n\n\n\n<p>De m\u00eame, l\u2019Utilisateur s\u2019engage express\u00e9ment \u00e0 ne pas d\u00e9truire, alt\u00e9rer, rendre inutilisable ou endommager de quelque mani\u00e8re que ce soit les donn\u00e9es, programmes ou documents \u00e9lectroniques contenus sur le site Web. L\u2019Utilisateur s\u2019engage \u00e0 ne pas entraver l\u2019acc\u00e8s d\u2019autres Utilisateurs au service d\u2019acc\u00e8s par le biais d\u2019une consommation massive des ressources informatiques \u00e0 travers lesquelles SERVICIOS IMPLANTES OSEOINTEGRADOS, S.L. fournit le service, ni \u00e0 r\u00e9aliser des actions qui endommagent, interrompent ou g\u00e9n\u00e8rent des erreurs dans les syst\u00e8mes ou services en question. L\u2019utilisateur s\u2019engage \u00e0 ne pas introduire de programmes, de virus, de macros, d\u2019applets, de contr\u00f4les ActiveX ou tout autre dispositif logique ou s\u00e9quence de caract\u00e8res qui causent ou sont susceptibles de causer tout type d\u2019alt\u00e9ration dans les syst\u00e8mes informatiques de SERVICIOS IMPLANTES OSEOINTEGRADOS, S.L. ou de tiers.<\/p>\n\n\n\n<h3 class=\"wp-block-heading\">Liens avec des tiers<\/h3>\n\n\n\n<p>La pr\u00e9sente mention l\u00e9gale se r\u00e9f\u00e8re uniquement au site Web et aux contenus de SERVICIOS IMPLANTES OSEOINTEGRADOS, S.L., et ne s\u2019applique pas aux liens ou aux pages Web de tiers accessibles par le biais du site Web. SERVICIOS IMPLANTES OSEOINTEGRADOS, S.L. n\u2019est pas responsable du contenu des pages web de destination d\u2019un lien, ni de tout lien inclus dans une page web accessible depuis le site Web de SERVICIOS IMPLANTES OSEOINTEGRADOS, S.L., ni de tout changement ou mise \u00e0 jour de ces pages. Ces liens sont fournis uniquement pour informer l\u2019Utilisateur de l\u2019existence d\u2019autres sources d\u2019information sur un sujet sp\u00e9cifique, et l\u2019inclusion d\u2019un lien ne signifie pas que SERVICIOS IMPLANTES OSEOINTEGRADOS, S.L. approuve le site Web li\u00e9.<\/p>\n\n\n\n<h3 class=\"wp-block-heading\">Propri\u00e9t\u00e9 intellectuelle et industrielle<\/h3>\n\n\n\n<p>Tous les contenus du site Web, sauf indication contraire, sont la propri\u00e9t\u00e9 exclusive de SERVICIOS IMPLANTES OSEOINTEGRADOS, S.L. et comprennent, sans s\u2019y limiter, la conception graphique, le code source, les logos, les textes, les graphiques, les illustrations, les photographies et autres \u00e9l\u00e9ments qui apparaissent sur le site Web. De m\u00eame, tous les noms commerciaux, marques ou signes distinctifs de toute nature contenus dans le site web sont prot\u00e9g\u00e9s par la loi. SERVICIOS IMPLANTES OSEOINTEGRADOS, S.L. ne conc\u00e8de aucun type de licence ou d\u2019autorisation d\u2019utilisation personnelle \u00e0 l\u2019Utilisateur sur ses droits de propri\u00e9t\u00e9 intellectuelle et industrielle ou sur tout autre droit li\u00e9 au site Web et aux services qui y sont propos\u00e9s. Par cons\u00e9quent, l\u2019Utilisateur reconna\u00eet que la reproduction, la distribution, la commercialisation, la transformation et, en g\u00e9n\u00e9ral, toute autre forme d\u2019exploitation, par quelque proc\u00e9d\u00e9 que ce soit, de tout ou partie des contenus de ce site Web constitue une infraction aux droits de propri\u00e9t\u00e9 intellectuelle et\/ou industrielle de SERVICIOS IMPLANTES OSEOINTEGRADOS, S.L. ou du propri\u00e9taire de ces derniers.<\/p>\n\n\n\n<h4 class=\"wp-block-heading\">Modification de la Mention l\u00e9gale<\/h4>\n\n\n\n<p>SERVICIOS IMPLANTES OSEOINTEGRADOS, S.L. se r\u00e9serve le droit de d\u00e9velopper ou de mettre \u00e0 jour la pr\u00e9sente Mention l\u00e9gale, et ce, \u00e0 tout moment, c\u2019est pourquoi l\u2019Utilisateur doit le lire p\u00e9riodiquement.<\/p>\n\n\n\n<h3 class=\"wp-block-heading\">Droit applicable et juridiction<\/h3>\n\n\n\n<p>En cas de conflit ou de divergence dans l\u2019interpr\u00e9tation ou l\u2019application de la pr\u00e9sente mention l\u00e9gale, les cours et tribunaux qui, le cas \u00e9ch\u00e9ant, conna\u00eetront de l\u2019affaire seront ceux pr\u00e9vus par les dispositions l\u00e9gales applicables en mati\u00e8re de juridiction comp\u00e9tente, qui, dans le cas des consommateurs finaux, tiendront compte du lieu o\u00f9 ils ont leur r\u00e9sidence habituelle. Dans le cas d\u2019une entreprise, les deux parties se soumettent aux tribunaux de Valencia, renon\u00e7ant express\u00e9ment \u00e0 toute autre juridiction. La loi applicable \u00e0 la pr\u00e9sente mention l\u00e9gale est la loi espagnole.<\/p>\n","protected":false},"excerpt":{"rendered":"<p>Conform\u00e9ment aux dispositions de l\u2019article 10 de la loi espagnole 34\/2002, du 11 juillet, sur les services de la soci\u00e9t\u00e9 de l\u2019information et le commerce \u00e9lectronique (ci-apr\u00e8s, LSSI-CE), nous informons express\u00e9ment, pr\u00e9cis\u00e9ment et sans \u00e9quivoque les destinataires du service et les organismes comp\u00e9tents des aspects suivants relatifs \u00e0 la prestation de services de la soci\u00e9t\u00e9 [&hellip;]<\/p>\n","protected":false},"author":3,"featured_media":0,"parent":0,"menu_order":0,"comment_status":"closed","ping_status":"closed","template":"","meta":{"_acf_changed":false,"content-type":"","inline_featured_image":false,"site-sidebar-layout":"default","site-content-layout":"","ast-site-content-layout":"default","site-content-style":"default","site-sidebar-style":"default","ast-global-header-display":"","ast-banner-title-visibility":"","ast-main-header-display":"","ast-hfb-above-header-display":"","ast-hfb-below-header-display":"","ast-hfb-mobile-header-display":"","site-post-title":"","ast-breadcrumbs-content":"","ast-featured-img":"","footer-sml-layout":"","theme-transparent-header-meta":"","adv-header-id-meta":"","stick-header-meta":"","header-above-stick-meta":"","header-main-stick-meta":"","header-below-stick-meta":"","astra-migrate-meta-layouts":"set","ast-page-background-enabled":"default","ast-page-background-meta":{"desktop":{"background-color":"var(--ast-global-color-4)","background-image":"","background-repeat":"repeat","background-position":"center center","background-size":"auto","background-attachment":"scroll","background-type":"","background-media":"","overlay-type":"","overlay-color":"","overlay-gradient":""},"tablet":{"background-color":"","background-image":"","background-repeat":"repeat","background-position":"center center","background-size":"auto","background-attachment":"scroll","background-type":"","background-media":"","overlay-type":"","overlay-color":"","overlay-gradient":""},"mobile":{"background-color":"","background-image":"","background-repeat":"repeat","background-position":"center center","background-size":"auto","background-attachment":"scroll","background-type":"","background-media":"","overlay-type":"","overlay-color":"","overlay-gradient":""}},"ast-content-background-meta":{"desktop":{"background-color":"var(--ast-global-color-5)","background-image":"","background-repeat":"repeat","background-position":"center center","background-size":"auto","background-attachment":"scroll","background-type":"","background-media":"","overlay-type":"","overlay-color":"","overlay-gradient":""},"tablet":{"background-color":"var(--ast-global-color-5)","background-image":"","background-repeat":"repeat","background-position":"center center","background-size":"auto","background-attachment":"scroll","background-type":"","background-media":"","overlay-type":"","overlay-color":"","overlay-gradient":""},"mobile":{"background-color":"var(--ast-global-color-5)","background-image":"","background-repeat":"repeat","background-position":"center center","background-size":"auto","background-attachment":"scroll","background-type":"","background-media":"","overlay-type":"","overlay-color":"","overlay-gradient":""}},"_joinchat":[],"footnotes":""},"acf":[],"yoast_head":"<!-- This site is optimized with the Yoast SEO plugin v22.6 - https:\/\/yoast.com\/wordpress\/plugins\/seo\/ -->\n<title>Mention l\u00e9gale - Vericat Implantolog\u00eda<\/title>\n<meta name=\"robots\" content=\"index, follow, max-snippet:-1, max-image-preview:large, max-video-preview:-1\" \/>\n<link rel=\"canonical\" href=\"https:\/\/vericatimplantologia.com\/fr\/mention-legale\/\" \/>\n<meta property=\"og:locale\" content=\"fr_FR\" \/>\n<meta property=\"og:type\" content=\"article\" \/>\n<meta property=\"og:title\" content=\"Mention l\u00e9gale - Vericat Implantolog\u00eda\" \/>\n<meta property=\"og:description\" content=\"Conform\u00e9ment aux dispositions de l\u2019article 10 de la loi espagnole 34\/2002, du 11 juillet, sur les services de la soci\u00e9t\u00e9 de l\u2019information et le commerce \u00e9lectronique (ci-apr\u00e8s, LSSI-CE), nous informons express\u00e9ment, pr\u00e9cis\u00e9ment et sans \u00e9quivoque les destinataires du service et les organismes comp\u00e9tents des aspects suivants relatifs \u00e0 la prestation de services de la soci\u00e9t\u00e9 [&hellip;]\" \/>\n<meta property=\"og:url\" content=\"https:\/\/vericatimplantologia.com\/fr\/mention-legale\/\" \/>\n<meta property=\"og:site_name\" content=\"Vericat Implantolog\u00eda\" \/>\n<meta property=\"article:publisher\" content=\"https:\/\/www.facebook.com\/vericatimplantologia\" \/>\n<meta property=\"article:modified_time\" content=\"2024-03-21T14:36:07+00:00\" \/>\n<meta name=\"twitter:card\" content=\"summary_large_image\" \/>\n<meta name=\"twitter:label1\" content=\"Dur\u00e9e de lecture estim\u00e9e\" \/>\n\t<meta name=\"twitter:data1\" content=\"4 minutes\" \/>\n<script type=\"application\/ld+json\" class=\"yoast-schema-graph\">{\"@context\":\"https:\/\/schema.org\",\"@graph\":[{\"@type\":\"WebPage\",\"@id\":\"https:\/\/vericatimplantologia.com\/fr\/mention-legale\/\",\"url\":\"https:\/\/vericatimplantologia.com\/fr\/mention-legale\/\",\"name\":\"Mention l\u00e9gale - Vericat Implantolog\u00eda\",\"isPartOf\":{\"@id\":\"https:\/\/vericatimplantologia.com\/#website\"},\"datePublished\":\"2023-07-17T10:11:56+00:00\",\"dateModified\":\"2024-03-21T14:36:07+00:00\",\"breadcrumb\":{\"@id\":\"https:\/\/vericatimplantologia.com\/fr\/mention-legale\/#breadcrumb\"},\"inLanguage\":\"fr-FR\",\"potentialAction\":[{\"@type\":\"ReadAction\",\"target\":[\"https:\/\/vericatimplantologia.com\/fr\/mention-legale\/\"]}]},{\"@type\":\"BreadcrumbList\",\"@id\":\"https:\/\/vericatimplantologia.com\/fr\/mention-legale\/#breadcrumb\",\"itemListElement\":[{\"@type\":\"ListItem\",\"position\":1,\"name\":\"Portada\",\"item\":\"https:\/\/vericatimplantologia.com\/fr\/\"},{\"@type\":\"ListItem\",\"position\":2,\"name\":\"Mention l\u00e9gale\"}]},{\"@type\":\"WebSite\",\"@id\":\"https:\/\/vericatimplantologia.com\/#website\",\"url\":\"https:\/\/vericatimplantologia.com\/\",\"name\":\"Vericat Implantolog\u00eda\",\"description\":\"\",\"publisher\":{\"@id\":\"https:\/\/vericatimplantologia.com\/#organization\"},\"potentialAction\":[{\"@type\":\"SearchAction\",\"target\":{\"@type\":\"EntryPoint\",\"urlTemplate\":\"https:\/\/vericatimplantologia.com\/?s={search_term_string}\"},\"query-input\":\"required name=search_term_string\"}],\"inLanguage\":\"fr-FR\"},{\"@type\":\"Organization\",\"@id\":\"https:\/\/vericatimplantologia.com\/#organization\",\"name\":\"Vericat Implantolog\u00eda\",\"url\":\"https:\/\/vericatimplantologia.com\/\",\"logo\":{\"@type\":\"ImageObject\",\"inLanguage\":\"fr-FR\",\"@id\":\"https:\/\/vericatimplantologia.com\/#\/schema\/logo\/image\/\",\"url\":\"https:\/\/vericatimplantologia.com\/wp-content\/uploads\/2025\/01\/logo-vericat-implantologia-1.png\",\"contentUrl\":\"https:\/\/vericatimplantologia.com\/wp-content\/uploads\/2025\/01\/logo-vericat-implantologia-1.png\",\"width\":644,\"height\":302,\"caption\":\"Vericat Implantolog\u00eda\"},\"image\":{\"@id\":\"https:\/\/vericatimplantologia.com\/#\/schema\/logo\/image\/\"},\"sameAs\":[\"https:\/\/www.facebook.com\/vericatimplantologia\"]}]}<\/script>\n<!-- \/ Yoast SEO plugin. -->","yoast_head_json":{"title":"Mention l\u00e9gale - Vericat Implantolog\u00eda","robots":{"index":"index","follow":"follow","max-snippet":"max-snippet:-1","max-image-preview":"max-image-preview:large","max-video-preview":"max-video-preview:-1"},"canonical":"https:\/\/vericatimplantologia.com\/fr\/mention-legale\/","og_locale":"fr_FR","og_type":"article","og_title":"Mention l\u00e9gale - Vericat Implantolog\u00eda","og_description":"Conform\u00e9ment aux dispositions de l\u2019article 10 de la loi espagnole 34\/2002, du 11 juillet, sur les services de la soci\u00e9t\u00e9 de l\u2019information et le commerce \u00e9lectronique (ci-apr\u00e8s, LSSI-CE), nous informons express\u00e9ment, pr\u00e9cis\u00e9ment et sans \u00e9quivoque les destinataires du service et les organismes comp\u00e9tents des aspects suivants relatifs \u00e0 la prestation de services de la soci\u00e9t\u00e9 [&hellip;]","og_url":"https:\/\/vericatimplantologia.com\/fr\/mention-legale\/","og_site_name":"Vericat Implantolog\u00eda","article_publisher":"https:\/\/www.facebook.com\/vericatimplantologia","article_modified_time":"2024-03-21T14:36:07+00:00","twitter_card":"summary_large_image","twitter_misc":{"Dur\u00e9e de lecture estim\u00e9e":"4 minutes"},"schema":{"@context":"https:\/\/schema.org","@graph":[{"@type":"WebPage","@id":"https:\/\/vericatimplantologia.com\/fr\/mention-legale\/","url":"https:\/\/vericatimplantologia.com\/fr\/mention-legale\/","name":"Mention l\u00e9gale - Vericat Implantolog\u00eda","isPartOf":{"@id":"https:\/\/vericatimplantologia.com\/#website"},"datePublished":"2023-07-17T10:11:56+00:00","dateModified":"2024-03-21T14:36:07+00:00","breadcrumb":{"@id":"https:\/\/vericatimplantologia.com\/fr\/mention-legale\/#breadcrumb"},"inLanguage":"fr-FR","potentialAction":[{"@type":"ReadAction","target":["https:\/\/vericatimplantologia.com\/fr\/mention-legale\/"]}]},{"@type":"BreadcrumbList","@id":"https:\/\/vericatimplantologia.com\/fr\/mention-legale\/#breadcrumb","itemListElement":[{"@type":"ListItem","position":1,"name":"Portada","item":"https:\/\/vericatimplantologia.com\/fr\/"},{"@type":"ListItem","position":2,"name":"Mention l\u00e9gale"}]},{"@type":"WebSite","@id":"https:\/\/vericatimplantologia.com\/#website","url":"https:\/\/vericatimplantologia.com\/","name":"Vericat Implantolog\u00eda","description":"","publisher":{"@id":"https:\/\/vericatimplantologia.com\/#organization"},"potentialAction":[{"@type":"SearchAction","target":{"@type":"EntryPoint","urlTemplate":"https:\/\/vericatimplantologia.com\/?s={search_term_string}"},"query-input":"required name=search_term_string"}],"inLanguage":"fr-FR"},{"@type":"Organization","@id":"https:\/\/vericatimplantologia.com\/#organization","name":"Vericat Implantolog\u00eda","url":"https:\/\/vericatimplantologia.com\/","logo":{"@type":"ImageObject","inLanguage":"fr-FR","@id":"https:\/\/vericatimplantologia.com\/#\/schema\/logo\/image\/","url":"https:\/\/vericatimplantologia.com\/wp-content\/uploads\/2025\/01\/logo-vericat-implantologia-1.png","contentUrl":"https:\/\/vericatimplantologia.com\/wp-content\/uploads\/2025\/01\/logo-vericat-implantologia-1.png","width":644,"height":302,"caption":"Vericat Implantolog\u00eda"},"image":{"@id":"https:\/\/vericatimplantologia.com\/#\/schema\/logo\/image\/"},"sameAs":["https:\/\/www.facebook.com\/vericatimplantologia"]}]}},"_links":{"self":[{"href":"https:\/\/vericatimplantologia.com\/fr\/wp-json\/wp\/v2\/pages\/7140"}],"collection":[{"href":"https:\/\/vericatimplantologia.com\/fr\/wp-json\/wp\/v2\/pages"}],"about":[{"href":"https:\/\/vericatimplantologia.com\/fr\/wp-json\/wp\/v2\/types\/page"}],"author":[{"embeddable":true,"href":"https:\/\/vericatimplantologia.com\/fr\/wp-json\/wp\/v2\/users\/3"}],"replies":[{"embeddable":true,"href":"https:\/\/vericatimplantologia.com\/fr\/wp-json\/wp\/v2\/comments?post=7140"}],"version-history":[{"count":2,"href":"https:\/\/vericatimplantologia.com\/fr\/wp-json\/wp\/v2\/pages\/7140\/revisions"}],"predecessor-version":[{"id":7608,"href":"https:\/\/vericatimplantologia.com\/fr\/wp-json\/wp\/v2\/pages\/7140\/revisions\/7608"}],"wp:attachment":[{"href":"https:\/\/vericatimplantologia.com\/fr\/wp-json\/wp\/v2\/media?parent=7140"}],"curies":[{"name":"wp","href":"https:\/\/api.w.org\/{rel}","templated":true}]}}